{"id":1010,"date":"2016-06-27T09:41:04","date_gmt":"2016-06-27T08:41:04","guid":{"rendered":"http:\/\/79.170.44.86\/calpediem.com\/?page_id=1010&#038;lang=pl"},"modified":"2018-03-28T13:36:47","modified_gmt":"2018-03-28T12:36:47","slug":"villa","status":"publish","type":"page","link":"https:\/\/www.calpe-diem.com\/pl\/villa\/","title":{"rendered":"Villa"},"content":{"rendered":"<p>[vc_row][vc_column][vc_empty_space height=&#8221;40px&#8221;][\/vc_column][\/vc_row][vc_row][vc_column][vc_custom_heading text=&#8221;VILLA DO WYNAJECIA &#8211; CALPE COSTA BLANCA&#8221; font_container=&#8221;tag:h1|text_align:center&#8221; use_theme_fonts=&#8221;yes&#8221;][vc_empty_space][\/vc_column][\/vc_row][vc_row][vc_column][vc_single_image image=&#8221;704&#8243; img_size=&#8221;full&#8221; alignment=&#8221;center&#8221; css_animation=&#8221;appear&#8221;][vc_empty_space height=&#8221;30px&#8221;][\/vc_column][\/vc_row][vc_row][vc_column width=&#8221;1\/2&#8243;][vc_custom_heading text=&#8221;O Willi&#8221; font_container=&#8221;tag:h2|text_align:left|color:%23123672&#8243; use_theme_fonts=&#8221;yes&#8221;][vc_column_text css_animation=&#8221;appear&#8221;]<span id=\"result_box\" lang=\"pl\">Witamy w naszej luksusowej willi w urbanizacji &#8220;Maryvilla&#8221; w odleg\u0142o\u015bci spaceru od pla\u017cy.\u00a0Z domu\u00a0jest wspania\u0142y widok na morze i s\u0142ynn\u0105 ska\u0142\u0119 &#8220;El Penon de Ifach&#8221; a z drugiej strony tylko g\u00f3ry.<\/span><\/p>\n<p><span id=\"result_box\" lang=\"pl\">Ta willa oferuje powierzchnie mieszkalna \u00a0120m2 z:<\/span><\/p>\n<p>\u2022 Du\u017cy salon z jadalni\u0105. TV, DVD, CD, telewizja satelitarna i Internet<br \/>\n\u2022 3 sypialnie z 2 \u0142\u00f3\u017ckami pojedynczymi.<br \/>\n\u2022 Nowoczesna kuchnia z ca\u0142ym wyposa\u017ceniem.<br \/>\n\u2022 2 luksusowe \u0142azienki z\u00a0wanna, prysznicem\u00a0z hydromasa\u017cem, radiem, suszark\u0105 do w\u0142os\u00f3w, toalet\u0105 \/ bidetem i pralk\u0105.<\/p>\n<p><span id=\"result_box\" lang=\"pl\">\u2022 Dwa r\u00f3\u017cne wej\u015bcia z 2 oddzielnymi tarasami, meblami i mini-barem.<\/span><span id=\"result_box\" lang=\"pl\"><br \/>\n\u2022 G\u0142\u00f3wny taras z basenem, saun\u0105 , okr\u0105g\u0142ym \u0142\u00f3\u017ckiem do wypoczynku,\u00a0\u00a0\u00a0\u00a0 \u00a0\u00a0\u00a0\u00a0\u00a0\u00a0\u00a0\u00a0\u00a0\u00a0\u00a0\u00a0\u00a0\u00a0 \u00a0sto\u0142em dla 8 os\u00f3b, grillem i barem.<\/span><\/p>\n<p>\u2022Taras na najwy\u017cszym poziomie z jacuzii i \u0142\u00f3\u017ckiem do wypoczynku.<\/p>\n<p><span id=\"result_box\" lang=\"pl\">Miejsce na 4 samochody\u00a0przed domem.<\/span><span id=\"t-served-community-button\" class=\"trans-verified-button goog-toolbar-button\"><\/span>[\/vc_column_text][\/vc_column][vc_column width=&#8221;1\/2&#8243;][vc_custom_heading text=&#8221;Charakterystyka&#8221; font_container=&#8221;tag:h2|text_align:left|color:%23123672&#8243; use_theme_fonts=&#8221;yes&#8221;][vc_column_text css_animation=&#8221;appear&#8221;]<\/p>\n<table border=\"0\" cellspacing=\"8\" cellpadding=\"5\">\n<tbody>\n<tr>\n<td><strong>Rodzaj<\/strong><\/td>\n<td><em>Villa<\/em><\/td>\n<\/tr>\n<tr>\n<td><strong>Lokalizacja<\/strong><\/td>\n<td><em>Calpe<\/em><\/td>\n<\/tr>\n<tr>\n<td><strong>Sypialnie<\/strong><\/td>\n<td><em>3<\/em><\/td>\n<\/tr>\n<tr>\n<td><strong>\u0141azienki<\/strong><\/td>\n<td><em>2<\/em><\/td>\n<\/tr>\n<tr>\n<td><strong>Basen<\/strong><\/td>\n<td><em>TAK<\/em><\/td>\n<\/tr>\n<tr>\n<td><strong>Miejsce do grillowania<\/strong><\/td>\n<td><em>TAK<\/em><\/td>\n<\/tr>\n<tr>\n<td><strong>Jacuzzi<\/strong><\/td>\n<td><em>TAK<\/em><\/td>\n<\/tr>\n<tr>\n<td><strong>Sauna<\/strong><\/td>\n<td><em>TAK<\/em><\/td>\n<\/tr>\n<tr>\n<td><strong>Widok morza<\/strong><\/td>\n<td><em>TAK<\/em><\/td>\n<\/tr>\n<tr>\n<td><strong>Widok na g\u00f3ry<\/strong><\/td>\n<td><em>TAK<\/em><\/td>\n<\/tr>\n<tr>\n<td><strong>Parking i gara\u017c<\/strong><\/td>\n<td><em>TAK<\/em><\/td>\n<\/tr>\n<tr>\n<td><strong>Cena<\/strong><\/td>\n<td><em>OD \u00a0\u20ac1000 \/za TYDZIEN<\/em><\/td>\n<\/tr>\n<\/tbody>\n<\/table>\n<p>[\/vc_column_text][\/vc_column][\/vc_row][vc_row][vc_column][vc_empty_space height=&#8221;30px&#8221;][\/vc_column][\/vc_row][vc_row][vc_column][vc_custom_heading text=&#8221;Galeria&#8221; font_container=&#8221;tag:h2|text_align:center|color:%23123672&#8243; use_theme_fonts=&#8221;yes&#8221;][\/vc_column][\/vc_row][vc_row][vc_column][\/vc_column][\/vc_row][vc_row][vc_column width=&#8221;1\/3&#8243;][vc_images_carousel images=&#8221;743,738,737,736,735,734,733,732,731,730,729,742,728,727,1712,1711,1710&#8243; img_size=&#8221;full&#8221; hide_pagination_control=&#8221;yes&#8221; hide_prev_next_buttons=&#8221;yes&#8221; title=&#8221;Poza \/ Taras&#8221;][\/vc_column][vc_column width=&#8221;1\/3&#8243;][vc_images_carousel images=&#8221;739,740&#8243; img_size=&#8221;full&#8221; hide_pagination_control=&#8221;yes&#8221; hide_prev_next_buttons=&#8221;yes&#8221; title=&#8221;Kuchnia&#8221;][\/vc_column][vc_column width=&#8221;1\/3&#8243;][vc_images_carousel images=&#8221;717,716,715&#8243; img_size=&#8221;full&#8221; hide_pagination_control=&#8221;yes&#8221; hide_prev_next_buttons=&#8221;yes&#8221; title=&#8221;\u0141azienki&#8221;][\/vc_column][\/vc_row][vc_row][vc_column width=&#8221;1\/3&#8243;][vc_images_carousel images=&#8221;718,1417&#8243; img_size=&#8221;full&#8221; hide_pagination_control=&#8221;yes&#8221; hide_prev_next_buttons=&#8221;yes&#8221; title=&#8221;Salon&#8221;][\/vc_column][vc_column width=&#8221;1\/3&#8243;][vc_images_carousel images=&#8221;712,707,711,710,709&#8243; img_size=&#8221;full&#8221; hide_pagination_control=&#8221;yes&#8221; hide_prev_next_buttons=&#8221;yes&#8221; title=&#8221;Sypialnie&#8221;][\/vc_column][vc_column width=&#8221;1\/3&#8243;][vc_images_carousel images=&#8221;726,724,2099,723,725,2101,2102,2103,2105,2106,2107,2108,2109,2110&#8243; img_size=&#8221;full&#8221; hide_pagination_control=&#8221;yes&#8221; hide_prev_next_buttons=&#8221;yes&#8221; title=&#8221;Widoki&#8221;][\/vc_column][\/vc_row][vc_row][vc_column][vc_empty_space][\/vc_column][\/vc_row][vc_row][vc_column][vc_custom_heading text=&#8221;CENA WYNAJMU DOMU&#8221; font_container=&#8221;tag:h2|text_align:center&#8221; use_theme_fonts=&#8221;yes&#8221;][vc_column_text css_animation=&#8221;appear&#8221;]<\/p>\n<table border=\"0\" width=\"50%\">\n<tbody>\n<tr>\n<td><strong>Stycze\u0144<\/strong><\/td>\n<td><strong>Luty<\/strong><\/td>\n<td><strong>Marzec<\/strong><\/td>\n<\/tr>\n<tr>\n<td>1000<\/td>\n<td>1000<\/td>\n<td>1000<\/td>\n<\/tr>\n<tr>\n<td><strong>Kwiecie\u0144<\/strong><\/td>\n<td><strong>Maj<\/strong><\/td>\n<td><strong>Czerwiec<\/strong><\/td>\n<\/tr>\n<tr>\n<td>1100<\/td>\n<td>1300<\/td>\n<td>1400<\/td>\n<\/tr>\n<tr>\n<td><strong>Lipiec<\/strong><\/td>\n<td><strong>Sierpie\u0144<\/strong><\/td>\n<td><strong>Wrzesie\u0144<\/strong><\/td>\n<\/tr>\n<tr>\n<td>1500<\/td>\n<td>1500<\/td>\n<td>1400<\/td>\n<\/tr>\n<tr>\n<td><strong>Pa\u017adziernik<\/strong><\/td>\n<td><strong>Listopad<\/strong><\/td>\n<td><strong>Grudzie\u0144<\/strong><\/td>\n<\/tr>\n<tr>\n<td>1300<\/td>\n<td>1000<\/td>\n<td>1000<\/td>\n<\/tr>\n<\/tbody>\n<\/table>\n<p><em>*Ceny za tydzien<\/em>[\/vc_column_text][\/vc_column][\/vc_row][vc_row][vc_column][vc_empty_space][\/vc_column][\/vc_row]<\/p>\n","protected":false},"excerpt":{"rendered":"<p>[vc_row][vc_column][vc_empty_space height=&#8221;40px&#8221;][\/vc_column][\/vc_row][vc_row][vc_column][vc_custom_heading text=&#8221;VILLA DO WYNAJECIA &#8211; CALPE COSTA BLANCA&#8221; font_container=&#8221;tag:h1|text_align:center&#8221; use_theme_fonts=&#8221;yes&#8221;][vc_empty_space][\/vc_column][\/vc_row][vc_row][vc_column][vc_single_image image=&#8221;704&#8243; img_size=&#8221;full&#8221; alignment=&#8221;center&#8221; css_animation=&#8221;appear&#8221;][vc_empty_space height=&#8221;30px&#8221;][\/vc_column][\/vc_row][vc_row][vc_column width=&#8221;1\/2&#8243;][vc_custom_heading text=&#8221;O Willi&#8221; font_container=&#8221;tag:h2|text_align:left|color:%23123672&#8243; use_theme_fonts=&#8221;yes&#8221;][vc_column_text css_animation=&#8221;appear&#8221;]Witamy w naszej luksusowej willi w urbanizacji &#8220;Maryvilla&#8221; w odleg\u0142o\u015bci spaceru od pla\u017cy.\u00a0Z domu\u00a0jest wspania\u0142y widok na morze i s\u0142ynn\u0105 ska\u0142\u0119 &#8220;El Penon de Ifach&#8221; a z drugiej strony tylko g\u00f3ry. Ta willa oferuje [&hellip;]<\/p>\n","protected":false},"author":6,"featured_media":0,"parent":0,"menu_order":0,"comment_status":"closed","ping_status":"closed","template":"templates\/page-fullwidth.php","meta":{"_mi_skip_tracking":false,"_exactmetrics_sitenote_active":false,"_exactmetrics_sitenote_note":"","_exactmetrics_sitenote_category":0},"yoast_head":"<!-- This site is optimized with the Yoast SEO plugin v15.9.1 - https:\/\/yoast.com\/wordpress\/plugins\/seo\/ -->\n<title>Villa -<\/title>\n<meta name=\"robots\" content=\"index, follow, max-snippet:-1, max-image-preview:large, max-video-preview:-1\" \/>\n<link rel=\"canonical\" href=\"https:\/\/www.calpe-diem.com\/pl\/villa\/\" \/>\n<meta property=\"og:locale\" content=\"pl_PL\" \/>\n<meta property=\"og:type\" content=\"article\" \/>\n<meta property=\"og:title\" content=\"Villa -\" \/>\n<meta property=\"og:description\" content=\"[vc_row][vc_column][vc_empty_space height=&#8221;40px&#8221;][\/vc_column][\/vc_row][vc_row][vc_column][vc_custom_heading text=&#8221;VILLA DO WYNAJECIA &#8211; CALPE COSTA BLANCA&#8221; font_container=&#8221;tag:h1|text_align:center&#8221; use_theme_fonts=&#8221;yes&#8221;][vc_empty_space][\/vc_column][\/vc_row][vc_row][vc_column][vc_single_image image=&#8221;704&#8243; img_size=&#8221;full&#8221; alignment=&#8221;center&#8221; css_animation=&#8221;appear&#8221;][vc_empty_space height=&#8221;30px&#8221;][\/vc_column][\/vc_row][vc_row][vc_column width=&#8221;1\/2&#8243;][vc_custom_heading text=&#8221;O Willi&#8221; font_container=&#8221;tag:h2|text_align:left|color:%23123672&#8243; use_theme_fonts=&#8221;yes&#8221;][vc_column_text css_animation=&#8221;appear&#8221;]Witamy w naszej luksusowej willi w urbanizacji &#8220;Maryvilla&#8221; w odleg\u0142o\u015bci spaceru od pla\u017cy.\u00a0Z domu\u00a0jest wspania\u0142y widok na morze i s\u0142ynn\u0105 ska\u0142\u0119 &#8220;El Penon de Ifach&#8221; a z drugiej strony tylko g\u00f3ry. Ta willa oferuje [&hellip;]\" \/>\n<meta property=\"og:url\" content=\"https:\/\/www.calpe-diem.com\/pl\/villa\/\" \/>\n<meta property=\"og:site_name\" content=\"Calpe Diem - Boat Rental in Calpe\" \/>\n<meta property=\"article:modified_time\" content=\"2018-03-28T12:36:47+00:00\" \/>\n<meta name=\"twitter:card\" content=\"summary\" \/>\n<meta name=\"twitter:label1\" content=\"Est. reading time\">\n\t<meta name=\"twitter:data1\" content=\"3 minutes\">\n<script type=\"application\/ld+json\" class=\"yoast-schema-graph\">{\"@context\":\"https:\/\/schema.org\",\"@graph\":[{\"@type\":\"WebSite\",\"@id\":\"https:\/\/www.calpe-diem.com\/#website\",\"url\":\"https:\/\/www.calpe-diem.com\/\",\"name\":\"Calpe Diem - Boat Rental in Calpe\",\"description\":\"Calpe Diem - Boat Rental in Calpe\",\"potentialAction\":[{\"@type\":\"SearchAction\",\"target\":\"https:\/\/www.calpe-diem.com\/?s={search_term_string}\",\"query-input\":\"required name=search_term_string\"}],\"inLanguage\":\"pl-PL\"},{\"@type\":\"WebPage\",\"@id\":\"https:\/\/www.calpe-diem.com\/pl\/villa\/#webpage\",\"url\":\"https:\/\/www.calpe-diem.com\/pl\/villa\/\",\"name\":\"Villa -\",\"isPartOf\":{\"@id\":\"https:\/\/www.calpe-diem.com\/#website\"},\"datePublished\":\"2016-06-27T08:41:04+00:00\",\"dateModified\":\"2018-03-28T12:36:47+00:00\",\"breadcrumb\":{\"@id\":\"https:\/\/www.calpe-diem.com\/pl\/villa\/#breadcrumb\"},\"inLanguage\":\"pl-PL\",\"potentialAction\":[{\"@type\":\"ReadAction\",\"target\":[\"https:\/\/www.calpe-diem.com\/pl\/villa\/\"]}]},{\"@type\":\"BreadcrumbList\",\"@id\":\"https:\/\/www.calpe-diem.com\/pl\/villa\/#breadcrumb\",\"itemListElement\":[{\"@type\":\"ListItem\",\"position\":1,\"item\":{\"@type\":\"WebPage\",\"@id\":\"https:\/\/www.calpe-diem.com\/pl\/\",\"url\":\"https:\/\/www.calpe-diem.com\/pl\/\",\"name\":\"Home\"}},{\"@type\":\"ListItem\",\"position\":2,\"item\":{\"@type\":\"WebPage\",\"@id\":\"https:\/\/www.calpe-diem.com\/pl\/villa\/\",\"url\":\"https:\/\/www.calpe-diem.com\/pl\/villa\/\",\"name\":\"Villa\"}}]}]}<\/script>\n<!-- \/ Yoast SEO plugin. -->","_links":{"self":[{"href":"https:\/\/www.calpe-diem.com\/pl\/wp-json\/wp\/v2\/pages\/1010\/"}],"collection":[{"href":"https:\/\/www.calpe-diem.com\/pl\/wp-json\/wp\/v2\/pages\/"}],"about":[{"href":"https:\/\/www.calpe-diem.com\/pl\/wp-json\/wp\/v2\/types\/page\/"}],"author":[{"embeddable":true,"href":"https:\/\/www.calpe-diem.com\/pl\/wp-json\/wp\/v2\/users\/6\/"}],"replies":[{"embeddable":true,"href":"https:\/\/www.calpe-diem.com\/pl\/wp-json\/wp\/v2\/comments\/?post=1010"}],"version-history":[{"count":25,"href":"https:\/\/www.calpe-diem.com\/pl\/wp-json\/wp\/v2\/pages\/1010\/revisions\/"}],"predecessor-version":[{"id":2566,"href":"https:\/\/www.calpe-diem.com\/pl\/wp-json\/wp\/v2\/pages\/1010\/revisions\/2566\/"}],"wp:attachment":[{"href":"https:\/\/www.calpe-diem.com\/pl\/wp-json\/wp\/v2\/media\/?parent=1010"}],"curies":[{"name":"wp","href":"https:\/\/api.w.org\/{rel}","templated":true}]}}